{"id":3808,"date":"2020-08-30T14:22:09","date_gmt":"2020-08-30T12:22:09","guid":{"rendered":"https:\/\/kommt-zeit-kommt-rad.ch\/equipment\/test-report-tent-nordisk-oppland-3-lw\/"},"modified":"2022-01-02T14:39:18","modified_gmt":"2022-01-02T12:39:18","slug":"test-report-tent-nordisk-oppland-3-lw","status":"publish","type":"page","link":"https:\/\/kommt-zeit-kommt-rad.ch\/en\/equipment\/test-report-tent-nordisk-oppland-3-lw\/","title":{"rendered":"Test report &#8211; Tent Nordisk Oppland 3 LW"},"content":{"rendered":"\n<h2 class=\"wp-block-heading\">Summary<\/h2>\n\n<p>Our conclusion after 7 months of intensive use of our Nordisk Oppland 3 LW tent:<br\/>We would not give it away again! From us it deserves only top marks. We would also choose a tunnel tent again at any time.<\/p>\n\n<h2 class=\"wp-block-heading\">Weight &amp; Mass<\/h2>\n\n<p>It is with its 1.98 kg (without footprint, this weighs an additional 0.75 kg) by far the most spacious tent for its light weight! The tent has a total length of 4.3 m, an incredible width of 2.1 m and a height of 1.2 m.<br\/>It is so spacious that we could each sit comfortably in the vestibule and cook even in the rain. We were also able to easily store our camping chairs in the vestibule without having to take them apart. We have found this to be very practical. Theoretically, we could even have someone stay overnight in the vestibule. Fortunately, we had never argued so that one of us had to test this out \ud83d\ude05.<\/p>\n\n<figure class=\"wp-block-image size-large\"><img fetchpriority=\"high\" decoding=\"async\" width=\"1400\" height=\"1275\" src=\"https:\/\/kommt-zeit-kommt-rad.ch\/wp-content\/uploads\/2022\/01\/oppland-3-lw-floorplan-nordisk-1400x1275.jpg\" alt=\"\" class=\"wp-image-3776\" srcset=\"https:\/\/kommt-zeit-kommt-rad.ch\/wp-content\/uploads\/2022\/01\/oppland-3-lw-floorplan-nordisk-1400x1275.jpg 1400w, https:\/\/kommt-zeit-kommt-rad.ch\/wp-content\/uploads\/2022\/01\/oppland-3-lw-floorplan-nordisk-300x273.jpg 300w, https:\/\/kommt-zeit-kommt-rad.ch\/wp-content\/uploads\/2022\/01\/oppland-3-lw-floorplan-nordisk-768x699.jpg 768w, https:\/\/kommt-zeit-kommt-rad.ch\/wp-content\/uploads\/2022\/01\/oppland-3-lw-floorplan-nordisk-1536x1399.jpg 1536w, https:\/\/kommt-zeit-kommt-rad.ch\/wp-content\/uploads\/2022\/01\/oppland-3-lw-floorplan-nordisk-2048x1865.jpg 2048w\" sizes=\"(max-width: 1400px) 100vw, 1400px\" \/><\/figure>\n<h2 class=\"wp-block-heading\">Comparisons \/ Specifications<\/h2>\n\n<p>In our eyes, the Nordisk Oppland 3 LW is the only true 3-person tent. If you compare the specifications of various 3-person tents with each other, you will notice that most are quite a bit narrower! Here are examples of the inner tent width and the inner tent length, which is especially important for Beni:<\/p>\n\n<figure class=\"wp-block-table\"><table><tbody><tr><td><strong>Our Oppland 3 LW<\/strong><\/td><td>L: 220 cm, W: <strong>190 cm<\/strong><\/td><\/tr><tr><td>Hilleberg NALLO 3 GT<\/td><td>L: 220 cm, W: 160 cm<\/td><\/tr><tr><td>Hilleberg ANJAN 3 GT<\/td><td>L: 220 cm, W: 160 cm<\/td><\/tr><tr><td>MSR Mutha Hubba NX 3-Person<\/td><td>L: 213 cm, W: 172 cm<\/td><\/tr><tr><td>Exped LYRA III<\/td><td>L: 215 cm, W: 150 cm<\/td><\/tr><\/tbody><\/table><\/figure>\n<p>When you marvel at the size of our Oppland 3 LW, it&#8217;s even more impressive that it&#8217;s the lightest despite having the most space.<\/p>\n\n<h2 class=\"wp-block-heading\">Weatherproofing<\/h2>\n\n<p>Even in nasty weather conditions, the tent never let us down. It even braved gusts of up to 90 km\/h and even after more than 12 hours of continuous rain, not a single raindrop found its way inside. In this regard, it should be noted that we treated the tent with silicone along the seams before our trip and would recommend this to everyone, because this way it is really waterproof.<br\/>Generell ist es wichtiger gen\u00fcgend Freiraum in Breite und L\u00e4nge des Innenzeltes zu haben, als die H\u00f6he der Wassers\u00e4ule des Zeltstoffes. Why:<br\/>Quite simply, as soon as you move, come with the sleeping bag to the inner tent and press it to the outer tent, water gets in, no matter how high the water column is!<\/p>\n\n<h2 class=\"wp-block-heading\">Customer support Nordisk<\/h2>\n\n<p>As a particularly good we would still like to highlight the Nordisk customer service: We had a broken tent pole (<a href=\"https:\/\/kommt-zeit-kommt-rad.ch\/en\/georgia-over-hurdles-and-with-surprises-to-tusheti\/\" target=\"_blank\" rel=\"noreferrer noopener\">more in this blog post<\/a>) and the zipper of the outer tent has given up the ghost. We reported this to customer service and got both replaced within a very short time without any problems!<br\/>We don&#8217;t know to what extent the direct contact we have at Nordisk due to the sponsorship support also helped, but both times we were very impressed and happy about this quick and uncomplicated help.<\/p>\n\n<h2 class=\"wp-block-heading\">A few impressions<\/h2>\n\n<figure class=\"wp-block-gallery columns-3 is-cropped has-lightbox wp-block-gallery-1 is-layout-flex wp-block-gallery-is-layout-flex\"><ul class=\"blocks-gallery-grid\"><li class=\"blocks-gallery-item\"><figure><img decoding=\"async\" width=\"1400\" height=\"1050\" src=\"https:\/\/kommt-zeit-kommt-rad.ch\/wp-content\/uploads\/2021\/09\/IMG_4959-1400x1050.jpg\" alt=\"\" data-id=\"3279\" data-link=\"https:\/\/kommt-zeit-kommt-rad.ch\/georgien-eintauchen-in-das-magische-tuschetien-und-der-weg-zuruck-in-die-zivilisation\/img_4959\/\" class=\"wp-image-3279\" srcset=\"https:\/\/kommt-zeit-kommt-rad.ch\/wp-content\/uploads\/2021\/09\/IMG_4959-1400x1050.jpg 1400w, https:\/\/kommt-zeit-kommt-rad.ch\/wp-content\/uploads\/2021\/09\/IMG_4959-300x225.jpg 300w, https:\/\/kommt-zeit-kommt-rad.ch\/wp-content\/uploads\/2021\/09\/IMG_4959-768x576.jpg 768w, https:\/\/kommt-zeit-kommt-rad.ch\/wp-content\/uploads\/2021\/09\/IMG_4959-1536x1152.jpg 1536w, https:\/\/kommt-zeit-kommt-rad.ch\/wp-content\/uploads\/2021\/09\/IMG_4959-2048x1536.jpg 2048w\" sizes=\"(max-width: 1400px) 100vw, 1400px\" \/><\/figure><\/li><li class=\"blocks-gallery-item\"><figure><img decoding=\"async\" width=\"1400\" height=\"1050\" src=\"https:\/\/kommt-zeit-kommt-rad.ch\/wp-content\/uploads\/2022\/01\/IMG_1864-1400x1050.jpeg\" alt=\"\" data-id=\"3778\" data-full-url=\"https:\/\/kommt-zeit-kommt-rad.ch\/wp-content\/uploads\/2022\/01\/IMG_1864-rotated.jpeg\" data-link=\"https:\/\/kommt-zeit-kommt-rad.ch\/?attachment_id=3778\" class=\"wp-image-3778\" srcset=\"https:\/\/kommt-zeit-kommt-rad.ch\/wp-content\/uploads\/2022\/01\/IMG_1864-1400x1050.jpeg 1400w, https:\/\/kommt-zeit-kommt-rad.ch\/wp-content\/uploads\/2022\/01\/IMG_1864-300x225.jpeg 300w, https:\/\/kommt-zeit-kommt-rad.ch\/wp-content\/uploads\/2022\/01\/IMG_1864-768x576.jpeg 768w, https:\/\/kommt-zeit-kommt-rad.ch\/wp-content\/uploads\/2022\/01\/IMG_1864-1536x1152.jpeg 1536w, https:\/\/kommt-zeit-kommt-rad.ch\/wp-content\/uploads\/2022\/01\/IMG_1864-2048x1536.jpeg 2048w\" sizes=\"(max-width: 1400px) 100vw, 1400px\" \/><figcaption class=\"blocks-gallery-item__caption\">Space, space and more space<\/figcaption><\/figure><\/li><li class=\"blocks-gallery-item\"><figure><img loading=\"lazy\" decoding=\"async\" width=\"1400\" height=\"1050\" src=\"https:\/\/kommt-zeit-kommt-rad.ch\/wp-content\/uploads\/2022\/01\/IMG_2655-1400x1050.jpeg\" alt=\"\" data-id=\"3790\" data-full-url=\"https:\/\/kommt-zeit-kommt-rad.ch\/wp-content\/uploads\/2022\/01\/IMG_2655.jpeg\" data-link=\"https:\/\/kommt-zeit-kommt-rad.ch\/?attachment_id=3790\" class=\"wp-image-3790\" srcset=\"https:\/\/kommt-zeit-kommt-rad.ch\/wp-content\/uploads\/2022\/01\/IMG_2655-1400x1050.jpeg 1400w, https:\/\/kommt-zeit-kommt-rad.ch\/wp-content\/uploads\/2022\/01\/IMG_2655-300x225.jpeg 300w, https:\/\/kommt-zeit-kommt-rad.ch\/wp-content\/uploads\/2022\/01\/IMG_2655-768x576.jpeg 768w, https:\/\/kommt-zeit-kommt-rad.ch\/wp-content\/uploads\/2022\/01\/IMG_2655-1536x1152.jpeg 1536w, https:\/\/kommt-zeit-kommt-rad.ch\/wp-content\/uploads\/2022\/01\/IMG_2655-2048x1536.jpeg 2048w\" sizes=\"(max-width: 1400px) 100vw, 1400px\" \/><figcaption class=\"blocks-gallery-item__caption\">Since you can inflate the sleeping mattress in the rain without problems in the vestibule \ud83d\ude0a<\/figcaption><\/figure><\/li><li class=\"blocks-gallery-item\"><figure><img loading=\"lazy\" decoding=\"async\" width=\"1400\" height=\"1050\" src=\"https:\/\/kommt-zeit-kommt-rad.ch\/wp-content\/uploads\/2022\/01\/IMG_2128-1400x1050.jpeg\" alt=\"\" data-id=\"3780\" data-full-url=\"https:\/\/kommt-zeit-kommt-rad.ch\/wp-content\/uploads\/2022\/01\/IMG_2128.jpeg\" data-link=\"https:\/\/kommt-zeit-kommt-rad.ch\/?attachment_id=3780\" class=\"wp-image-3780\" srcset=\"https:\/\/kommt-zeit-kommt-rad.ch\/wp-content\/uploads\/2022\/01\/IMG_2128-1400x1050.jpeg 1400w, https:\/\/kommt-zeit-kommt-rad.ch\/wp-content\/uploads\/2022\/01\/IMG_2128-300x225.jpeg 300w, https:\/\/kommt-zeit-kommt-rad.ch\/wp-content\/uploads\/2022\/01\/IMG_2128-768x576.jpeg 768w, https:\/\/kommt-zeit-kommt-rad.ch\/wp-content\/uploads\/2022\/01\/IMG_2128-1536x1152.jpeg 1536w, https:\/\/kommt-zeit-kommt-rad.ch\/wp-content\/uploads\/2022\/01\/IMG_2128-2048x1536.jpeg 2048w\" sizes=\"(max-width: 1400px) 100vw, 1400px\" \/><\/figure><\/li><li class=\"blocks-gallery-item\"><figure><img loading=\"lazy\" decoding=\"async\" width=\"1400\" height=\"982\" src=\"https:\/\/kommt-zeit-kommt-rad.ch\/wp-content\/uploads\/2022\/01\/IMG_2418-1400x982.jpeg\" alt=\"\" data-id=\"3782\" data-full-url=\"https:\/\/kommt-zeit-kommt-rad.ch\/wp-content\/uploads\/2022\/01\/IMG_2418.jpeg\" data-link=\"https:\/\/kommt-zeit-kommt-rad.ch\/?attachment_id=3782\" class=\"wp-image-3782\" srcset=\"https:\/\/kommt-zeit-kommt-rad.ch\/wp-content\/uploads\/2022\/01\/IMG_2418-1400x982.jpeg 1400w, https:\/\/kommt-zeit-kommt-rad.ch\/wp-content\/uploads\/2022\/01\/IMG_2418-300x210.jpeg 300w, https:\/\/kommt-zeit-kommt-rad.ch\/wp-content\/uploads\/2022\/01\/IMG_2418-768x539.jpeg 768w, https:\/\/kommt-zeit-kommt-rad.ch\/wp-content\/uploads\/2022\/01\/IMG_2418-1536x1077.jpeg 1536w, https:\/\/kommt-zeit-kommt-rad.ch\/wp-content\/uploads\/2022\/01\/IMG_2418-2048x1436.jpeg 2048w\" sizes=\"(max-width: 1400px) 100vw, 1400px\" \/><figcaption class=\"blocks-gallery-item__caption\">In case of need also attach with stones<\/figcaption><\/figure><\/li><li class=\"blocks-gallery-item\"><figure><img loading=\"lazy\" decoding=\"async\" width=\"1400\" height=\"1050\" src=\"https:\/\/kommt-zeit-kommt-rad.ch\/wp-content\/uploads\/2022\/01\/IMG_2528-1400x1050.jpeg\" alt=\"\" data-id=\"3784\" data-full-url=\"https:\/\/kommt-zeit-kommt-rad.ch\/wp-content\/uploads\/2022\/01\/IMG_2528.jpeg\" data-link=\"https:\/\/kommt-zeit-kommt-rad.ch\/?attachment_id=3784\" class=\"wp-image-3784\" srcset=\"https:\/\/kommt-zeit-kommt-rad.ch\/wp-content\/uploads\/2022\/01\/IMG_2528-1400x1050.jpeg 1400w, https:\/\/kommt-zeit-kommt-rad.ch\/wp-content\/uploads\/2022\/01\/IMG_2528-300x225.jpeg 300w, https:\/\/kommt-zeit-kommt-rad.ch\/wp-content\/uploads\/2022\/01\/IMG_2528-768x576.jpeg 768w, https:\/\/kommt-zeit-kommt-rad.ch\/wp-content\/uploads\/2022\/01\/IMG_2528-1536x1152.jpeg 1536w, https:\/\/kommt-zeit-kommt-rad.ch\/wp-content\/uploads\/2022\/01\/IMG_2528-2048x1536.jpeg 2048w\" sizes=\"(max-width: 1400px) 100vw, 1400px\" \/><\/figure><\/li><li class=\"blocks-gallery-item\"><figure><img loading=\"lazy\" decoding=\"async\" width=\"1400\" height=\"1050\" src=\"https:\/\/kommt-zeit-kommt-rad.ch\/wp-content\/uploads\/2022\/01\/IMG_2603-1400x1050.jpeg\" alt=\"\" data-id=\"3786\" data-full-url=\"https:\/\/kommt-zeit-kommt-rad.ch\/wp-content\/uploads\/2022\/01\/IMG_2603-rotated.jpeg\" data-link=\"https:\/\/kommt-zeit-kommt-rad.ch\/?attachment_id=3786\" class=\"wp-image-3786\" srcset=\"https:\/\/kommt-zeit-kommt-rad.ch\/wp-content\/uploads\/2022\/01\/IMG_2603-1400x1050.jpeg 1400w, https:\/\/kommt-zeit-kommt-rad.ch\/wp-content\/uploads\/2022\/01\/IMG_2603-300x225.jpeg 300w, https:\/\/kommt-zeit-kommt-rad.ch\/wp-content\/uploads\/2022\/01\/IMG_2603-768x576.jpeg 768w, https:\/\/kommt-zeit-kommt-rad.ch\/wp-content\/uploads\/2022\/01\/IMG_2603-1536x1152.jpeg 1536w, https:\/\/kommt-zeit-kommt-rad.ch\/wp-content\/uploads\/2022\/01\/IMG_2603-2048x1536.jpeg 2048w\" sizes=\"(max-width: 1400px) 100vw, 1400px\" \/><figcaption class=\"blocks-gallery-item__caption\">Here, too, we had to save ourselves in the rain in the vestibule. After all, the sausage was just crisp enough.<\/figcaption><\/figure><\/li><li class=\"blocks-gallery-item\"><figure><img decoding=\"async\" src=\"https:\/\/kommt-zeit-kommt-rad.ch\/wp-content\/uploads\/2022\/01\/IMG_2606-1400x1050.jpeg\" alt=\"\" data-id=\"3788\" data-full-url=\"https:\/\/kommt-zeit-kommt-rad.ch\/wp-content\/uploads\/2022\/01\/IMG_2606.jpeg\" data-link=\"https:\/\/kommt-zeit-kommt-rad.ch\/?attachment_id=3788\" class=\"wp-image-3788\"\/><\/figure><\/li><li class=\"blocks-gallery-item\"><figure><img loading=\"lazy\" decoding=\"async\" width=\"1400\" height=\"1050\" src=\"https:\/\/kommt-zeit-kommt-rad.ch\/wp-content\/uploads\/2022\/01\/IMG_3866-1400x1050.jpeg\" alt=\"\" data-id=\"3792\" data-full-url=\"https:\/\/kommt-zeit-kommt-rad.ch\/wp-content\/uploads\/2022\/01\/IMG_3866.jpeg\" data-link=\"https:\/\/kommt-zeit-kommt-rad.ch\/?attachment_id=3792\" class=\"wp-image-3792\" srcset=\"https:\/\/kommt-zeit-kommt-rad.ch\/wp-content\/uploads\/2022\/01\/IMG_3866-1400x1050.jpeg 1400w, https:\/\/kommt-zeit-kommt-rad.ch\/wp-content\/uploads\/2022\/01\/IMG_3866-300x225.jpeg 300w, https:\/\/kommt-zeit-kommt-rad.ch\/wp-content\/uploads\/2022\/01\/IMG_3866-768x576.jpeg 768w, https:\/\/kommt-zeit-kommt-rad.ch\/wp-content\/uploads\/2022\/01\/IMG_3866-1536x1152.jpeg 1536w, https:\/\/kommt-zeit-kommt-rad.ch\/wp-content\/uploads\/2022\/01\/IMG_3866-2048x1536.jpeg 2048w\" sizes=\"(max-width: 1400px) 100vw, 1400px\" \/><\/figure><\/li><li class=\"blocks-gallery-item\"><figure><img loading=\"lazy\" decoding=\"async\" width=\"1400\" height=\"1050\" src=\"https:\/\/kommt-zeit-kommt-rad.ch\/wp-content\/uploads\/2022\/01\/IMG_3872-1400x1050.jpeg\" alt=\"\" data-id=\"3794\" data-full-url=\"https:\/\/kommt-zeit-kommt-rad.ch\/wp-content\/uploads\/2022\/01\/IMG_3872.jpeg\" data-link=\"https:\/\/kommt-zeit-kommt-rad.ch\/?attachment_id=3794\" class=\"wp-image-3794\" srcset=\"https:\/\/kommt-zeit-kommt-rad.ch\/wp-content\/uploads\/2022\/01\/IMG_3872-1400x1050.jpeg 1400w, https:\/\/kommt-zeit-kommt-rad.ch\/wp-content\/uploads\/2022\/01\/IMG_3872-300x225.jpeg 300w, https:\/\/kommt-zeit-kommt-rad.ch\/wp-content\/uploads\/2022\/01\/IMG_3872-768x576.jpeg 768w, https:\/\/kommt-zeit-kommt-rad.ch\/wp-content\/uploads\/2022\/01\/IMG_3872-1536x1152.jpeg 1536w, https:\/\/kommt-zeit-kommt-rad.ch\/wp-content\/uploads\/2022\/01\/IMG_3872-2048x1536.jpeg 2048w\" sizes=\"(max-width: 1400px) 100vw, 1400px\" \/><\/figure><\/li><li class=\"blocks-gallery-item\"><figure><img loading=\"lazy\" decoding=\"async\" width=\"1400\" height=\"1050\" src=\"https:\/\/kommt-zeit-kommt-rad.ch\/wp-content\/uploads\/2022\/01\/IMG_3941-1400x1050.jpeg\" alt=\"\" data-id=\"3796\" data-full-url=\"https:\/\/kommt-zeit-kommt-rad.ch\/wp-content\/uploads\/2022\/01\/IMG_3941.jpeg\" data-link=\"https:\/\/kommt-zeit-kommt-rad.ch\/?attachment_id=3796\" class=\"wp-image-3796\" srcset=\"https:\/\/kommt-zeit-kommt-rad.ch\/wp-content\/uploads\/2022\/01\/IMG_3941-1400x1050.jpeg 1400w, https:\/\/kommt-zeit-kommt-rad.ch\/wp-content\/uploads\/2022\/01\/IMG_3941-300x225.jpeg 300w, https:\/\/kommt-zeit-kommt-rad.ch\/wp-content\/uploads\/2022\/01\/IMG_3941-768x576.jpeg 768w, https:\/\/kommt-zeit-kommt-rad.ch\/wp-content\/uploads\/2022\/01\/IMG_3941-1536x1152.jpeg 1536w, https:\/\/kommt-zeit-kommt-rad.ch\/wp-content\/uploads\/2022\/01\/IMG_3941-2048x1536.jpeg 2048w\" sizes=\"(max-width: 1400px) 100vw, 1400px\" \/><\/figure><\/li><li class=\"blocks-gallery-item\"><figure><img loading=\"lazy\" decoding=\"async\" width=\"1400\" height=\"1050\" src=\"https:\/\/kommt-zeit-kommt-rad.ch\/wp-content\/uploads\/2022\/01\/IMG_4813-1400x1050.jpeg\" alt=\"\" data-id=\"3798\" data-full-url=\"https:\/\/kommt-zeit-kommt-rad.ch\/wp-content\/uploads\/2022\/01\/IMG_4813-rotated.jpeg\" data-link=\"https:\/\/kommt-zeit-kommt-rad.ch\/?attachment_id=3798\" class=\"wp-image-3798\" srcset=\"https:\/\/kommt-zeit-kommt-rad.ch\/wp-content\/uploads\/2022\/01\/IMG_4813-1400x1050.jpeg 1400w, https:\/\/kommt-zeit-kommt-rad.ch\/wp-content\/uploads\/2022\/01\/IMG_4813-300x225.jpeg 300w, https:\/\/kommt-zeit-kommt-rad.ch\/wp-content\/uploads\/2022\/01\/IMG_4813-768x576.jpeg 768w, https:\/\/kommt-zeit-kommt-rad.ch\/wp-content\/uploads\/2022\/01\/IMG_4813-1536x1152.jpeg 1536w, https:\/\/kommt-zeit-kommt-rad.ch\/wp-content\/uploads\/2022\/01\/IMG_4813-2048x1536.jpeg 2048w\" sizes=\"(max-width: 1400px) 100vw, 1400px\" \/><figcaption class=\"blocks-gallery-item__caption\">With a few simple steps, the inner tent can be unhooked, creating even more free space<\/figcaption><\/figure><\/li><li class=\"blocks-gallery-item\"><figure><img loading=\"lazy\" decoding=\"async\" width=\"1400\" height=\"1050\" src=\"https:\/\/kommt-zeit-kommt-rad.ch\/wp-content\/uploads\/2022\/01\/IMG_5414-1400x1050.jpeg\" alt=\"\" data-id=\"3800\" data-full-url=\"https:\/\/kommt-zeit-kommt-rad.ch\/wp-content\/uploads\/2022\/01\/IMG_5414.jpeg\" data-link=\"https:\/\/kommt-zeit-kommt-rad.ch\/?attachment_id=3800\" class=\"wp-image-3800\" srcset=\"https:\/\/kommt-zeit-kommt-rad.ch\/wp-content\/uploads\/2022\/01\/IMG_5414-1400x1050.jpeg 1400w, https:\/\/kommt-zeit-kommt-rad.ch\/wp-content\/uploads\/2022\/01\/IMG_5414-300x225.jpeg 300w, https:\/\/kommt-zeit-kommt-rad.ch\/wp-content\/uploads\/2022\/01\/IMG_5414-768x576.jpeg 768w, https:\/\/kommt-zeit-kommt-rad.ch\/wp-content\/uploads\/2022\/01\/IMG_5414-1536x1152.jpeg 1536w, https:\/\/kommt-zeit-kommt-rad.ch\/wp-content\/uploads\/2022\/01\/IMG_5414-2048x1536.jpeg 2048w\" sizes=\"(max-width: 1400px) 100vw, 1400px\" \/><\/figure><\/li><li class=\"blocks-gallery-item\"><figure><img loading=\"lazy\" decoding=\"async\" width=\"1400\" height=\"1050\" src=\"https:\/\/kommt-zeit-kommt-rad.ch\/wp-content\/uploads\/2022\/01\/IMG_5425-1400x1050.jpeg\" alt=\"\" data-id=\"3802\" data-full-url=\"https:\/\/kommt-zeit-kommt-rad.ch\/wp-content\/uploads\/2022\/01\/IMG_5425.jpeg\" data-link=\"https:\/\/kommt-zeit-kommt-rad.ch\/?attachment_id=3802\" class=\"wp-image-3802\" srcset=\"https:\/\/kommt-zeit-kommt-rad.ch\/wp-content\/uploads\/2022\/01\/IMG_5425-1400x1050.jpeg 1400w, https:\/\/kommt-zeit-kommt-rad.ch\/wp-content\/uploads\/2022\/01\/IMG_5425-300x225.jpeg 300w, https:\/\/kommt-zeit-kommt-rad.ch\/wp-content\/uploads\/2022\/01\/IMG_5425-768x576.jpeg 768w, https:\/\/kommt-zeit-kommt-rad.ch\/wp-content\/uploads\/2022\/01\/IMG_5425-1536x1152.jpeg 1536w, https:\/\/kommt-zeit-kommt-rad.ch\/wp-content\/uploads\/2022\/01\/IMG_5425-2048x1536.jpeg 2048w\" sizes=\"(max-width: 1400px) 100vw, 1400px\" \/><\/figure><\/li><li class=\"blocks-gallery-item\"><figure><img loading=\"lazy\" decoding=\"async\" width=\"1400\" height=\"1050\" src=\"https:\/\/kommt-zeit-kommt-rad.ch\/wp-content\/uploads\/2022\/01\/IMG_5779-1400x1050.jpeg\" alt=\"\" data-id=\"3804\" data-full-url=\"https:\/\/kommt-zeit-kommt-rad.ch\/wp-content\/uploads\/2022\/01\/IMG_5779.jpeg\" data-link=\"https:\/\/kommt-zeit-kommt-rad.ch\/?attachment_id=3804\" class=\"wp-image-3804\" srcset=\"https:\/\/kommt-zeit-kommt-rad.ch\/wp-content\/uploads\/2022\/01\/IMG_5779-1400x1050.jpeg 1400w, https:\/\/kommt-zeit-kommt-rad.ch\/wp-content\/uploads\/2022\/01\/IMG_5779-300x225.jpeg 300w, https:\/\/kommt-zeit-kommt-rad.ch\/wp-content\/uploads\/2022\/01\/IMG_5779-768x576.jpeg 768w, https:\/\/kommt-zeit-kommt-rad.ch\/wp-content\/uploads\/2022\/01\/IMG_5779-1536x1152.jpeg 1536w, https:\/\/kommt-zeit-kommt-rad.ch\/wp-content\/uploads\/2022\/01\/IMG_5779-2048x1536.jpeg 2048w\" sizes=\"(max-width: 1400px) 100vw, 1400px\" \/><\/figure><\/li><\/ul><\/figure>","protected":false},"excerpt":{"rendered":"<p>Summary Our conclusion after 7 months of intensive use of our Nordisk Oppland 3 LW tent:We would not give it away again! From us it [&hellip;]<\/p>\n","protected":false},"author":1,"featured_media":0,"parent":615,"menu_order":0,"comment_status":"closed","ping_status":"closed","template":"","meta":{"_acf_changed":false,"site-sidebar-layout":"default","site-content-layout":"default","ast-site-content-layout":"default","site-content-style":"default","site-sidebar-style":"default","ast-global-header-display":"","ast-banner-title-visibility":"","ast-main-header-display":"","ast-hfb-above-header-display":"","ast-hfb-below-header-display":"","ast-hfb-mobile-header-display":"","site-post-title":"enabled","ast-breadcrumbs-content":null,"ast-featured-img":"","footer-sml-layout":"","ast-disable-related-posts":"","theme-transparent-header-meta":"default","adv-header-id-meta":"","stick-header-meta":"default","header-above-stick-meta":null,"header-main-stick-meta":"","header-below-stick-meta":null,"astra-migrate-meta-layouts":"default","ast-page-background-enabled":"default","ast-page-background-meta":{"desktop":{"background-color":"","background-image":"","background-repeat":"repeat","background-position":"center center","background-size":"auto","background-attachment":"scroll","background-type":"","background-media":"","overlay-type":"","overlay-color":"","overlay-opacity":"","overlay-gradient":""},"tablet":{"background-color":"","background-image":"","background-repeat":"repeat","background-position":"center center","background-size":"auto","background-attachment":"scroll","background-type":"","background-media":"","overlay-type":"","overlay-color":"","overlay-opacity":"","overlay-gradient":""},"mobile":{"background-color":"","background-image":"","background-repeat":"repeat","background-position":"center center","background-size":"auto","background-attachment":"scroll","background-type":"","background-media":"","overlay-type":"","overlay-color":"","overlay-opacity":"","overlay-gradient":""}},"ast-content-background-meta":{"desktop":{"background-color":"var(--ast-global-color-5)","background-image":"","background-repeat":"repeat","background-position":"center center","background-size":"auto","background-attachment":"scroll","background-type":"","background-media":"","overlay-type":"","overlay-color":"","overlay-opacity":"","overlay-gradient":""},"tablet":{"background-color":"var(--ast-global-color-5)","background-image":"","background-repeat":"repeat","background-position":"center center","background-size":"auto","background-attachment":"scroll","background-type":"","background-media":"","overlay-type":"","overlay-color":"","overlay-opacity":"","overlay-gradient":""},"mobile":{"background-color":"var(--ast-global-color-5)","background-image":"","background-repeat":"repeat","background-position":"center center","background-size":"auto","background-attachment":"scroll","background-type":"","background-media":"","overlay-type":"","overlay-color":"","overlay-opacity":"","overlay-gradient":""}},"footnotes":""},"class_list":["post-3808","page","type-page","status-publish","hentry"],"acf":[],"yoast_head":"<!-- This site is optimized with the Yoast SEO plugin v27.5 - https:\/\/yoast.com\/product\/yoast-seo-wordpress\/ -->\n<title>Test report - Tent Nordisk Oppland 3 LW - Kommt Zeit Kommt Rad<\/title>\n<meta name=\"robots\" content=\"index, follow, max-snippet:-1, max-image-preview:large, max-video-preview:-1\" \/>\n<link rel=\"canonical\" href=\"https:\/\/kommt-zeit-kommt-rad.ch\/en\/equipment\/test-report-tent-nordisk-oppland-3-lw\/\" \/>\n<meta property=\"og:locale\" content=\"en_US\" \/>\n<meta property=\"og:type\" content=\"article\" \/>\n<meta property=\"og:title\" content=\"Test report - Tent Nordisk Oppland 3 LW - Kommt Zeit Kommt Rad\" \/>\n<meta property=\"og:description\" content=\"Summary Our conclusion after 7 months of intensive use of our Nordisk Oppland 3 LW tent:We would not give it away again! From us it [&hellip;]\" \/>\n<meta property=\"og:url\" content=\"https:\/\/kommt-zeit-kommt-rad.ch\/en\/equipment\/test-report-tent-nordisk-oppland-3-lw\/\" \/>\n<meta property=\"og:site_name\" content=\"Kommt Zeit Kommt Rad\" \/>\n<meta property=\"article:modified_time\" content=\"2022-01-02T12:39:18+00:00\" \/>\n<meta property=\"og:image\" content=\"https:\/\/kommt-zeit-kommt-rad.ch\/wp-content\/uploads\/2022\/01\/oppland-3-lw-floorplan-nordisk-1400x1275.jpg\" \/>\n<meta name=\"twitter:card\" content=\"summary_large_image\" \/>\n<meta name=\"twitter:label1\" content=\"Est. reading time\" \/>\n\t<meta name=\"twitter:data1\" content=\"3 minutes\" \/>\n<script type=\"application\/ld+json\" class=\"yoast-schema-graph\">{\"@context\":\"https:\\\/\\\/schema.org\",\"@graph\":[{\"@type\":\"WebPage\",\"@id\":\"https:\\\/\\\/kommt-zeit-kommt-rad.ch\\\/en\\\/equipment\\\/test-report-tent-nordisk-oppland-3-lw\\\/\",\"url\":\"https:\\\/\\\/kommt-zeit-kommt-rad.ch\\\/en\\\/equipment\\\/test-report-tent-nordisk-oppland-3-lw\\\/\",\"name\":\"Test report - Tent Nordisk Oppland 3 LW - Kommt Zeit Kommt Rad\",\"isPartOf\":{\"@id\":\"https:\\\/\\\/kommt-zeit-kommt-rad.ch\\\/en\\\/#website\"},\"primaryImageOfPage\":{\"@id\":\"https:\\\/\\\/kommt-zeit-kommt-rad.ch\\\/en\\\/equipment\\\/test-report-tent-nordisk-oppland-3-lw\\\/#primaryimage\"},\"image\":{\"@id\":\"https:\\\/\\\/kommt-zeit-kommt-rad.ch\\\/en\\\/equipment\\\/test-report-tent-nordisk-oppland-3-lw\\\/#primaryimage\"},\"thumbnailUrl\":\"https:\\\/\\\/kommt-zeit-kommt-rad.ch\\\/wp-content\\\/uploads\\\/2022\\\/01\\\/oppland-3-lw-floorplan-nordisk-1400x1275.jpg\",\"datePublished\":\"2020-08-30T12:22:09+00:00\",\"dateModified\":\"2022-01-02T12:39:18+00:00\",\"breadcrumb\":{\"@id\":\"https:\\\/\\\/kommt-zeit-kommt-rad.ch\\\/en\\\/equipment\\\/test-report-tent-nordisk-oppland-3-lw\\\/#breadcrumb\"},\"inLanguage\":\"en-US\",\"potentialAction\":[{\"@type\":\"ReadAction\",\"target\":[\"https:\\\/\\\/kommt-zeit-kommt-rad.ch\\\/en\\\/equipment\\\/test-report-tent-nordisk-oppland-3-lw\\\/\"]}]},{\"@type\":\"ImageObject\",\"inLanguage\":\"en-US\",\"@id\":\"https:\\\/\\\/kommt-zeit-kommt-rad.ch\\\/en\\\/equipment\\\/test-report-tent-nordisk-oppland-3-lw\\\/#primaryimage\",\"url\":\"https:\\\/\\\/kommt-zeit-kommt-rad.ch\\\/wp-content\\\/uploads\\\/2022\\\/01\\\/oppland-3-lw-floorplan-nordisk-1400x1275.jpg\",\"contentUrl\":\"https:\\\/\\\/kommt-zeit-kommt-rad.ch\\\/wp-content\\\/uploads\\\/2022\\\/01\\\/oppland-3-lw-floorplan-nordisk-1400x1275.jpg\"},{\"@type\":\"BreadcrumbList\",\"@id\":\"https:\\\/\\\/kommt-zeit-kommt-rad.ch\\\/en\\\/equipment\\\/test-report-tent-nordisk-oppland-3-lw\\\/#breadcrumb\",\"itemListElement\":[{\"@type\":\"ListItem\",\"position\":1,\"name\":\"Home\",\"item\":\"https:\\\/\\\/kommt-zeit-kommt-rad.ch\\\/en\\\/\"},{\"@type\":\"ListItem\",\"position\":2,\"name\":\"Equipment &#8211; From Switzerland to Australia Part 1 + 2\",\"item\":\"https:\\\/\\\/kommt-zeit-kommt-rad.ch\\\/en\\\/equipment\\\/\"},{\"@type\":\"ListItem\",\"position\":3,\"name\":\"Test report &#8211; Tent Nordisk Oppland 3 LW\"}]},{\"@type\":\"WebSite\",\"@id\":\"https:\\\/\\\/kommt-zeit-kommt-rad.ch\\\/en\\\/#website\",\"url\":\"https:\\\/\\\/kommt-zeit-kommt-rad.ch\\\/en\\\/\",\"name\":\"Kommt Zeit Kommt Rad\",\"description\":\"\",\"publisher\":{\"@id\":\"https:\\\/\\\/kommt-zeit-kommt-rad.ch\\\/en\\\/#organization\"},\"potentialAction\":[{\"@type\":\"SearchAction\",\"target\":{\"@type\":\"EntryPoint\",\"urlTemplate\":\"https:\\\/\\\/kommt-zeit-kommt-rad.ch\\\/en\\\/?s={search_term_string}\"},\"query-input\":{\"@type\":\"PropertyValueSpecification\",\"valueRequired\":true,\"valueName\":\"search_term_string\"}}],\"inLanguage\":\"en-US\"},{\"@type\":\"Organization\",\"@id\":\"https:\\\/\\\/kommt-zeit-kommt-rad.ch\\\/en\\\/#organization\",\"name\":\"Kommt Zeit kommt Rad\",\"url\":\"https:\\\/\\\/kommt-zeit-kommt-rad.ch\\\/en\\\/\",\"logo\":{\"@type\":\"ImageObject\",\"inLanguage\":\"en-US\",\"@id\":\"https:\\\/\\\/kommt-zeit-kommt-rad.ch\\\/en\\\/#\\\/schema\\\/logo\\\/image\\\/\",\"url\":\"https:\\\/\\\/kommt-zeit-kommt-rad.ch\\\/wp-content\\\/uploads\\\/2020\\\/05\\\/Kommt-Zeit-kommt-Rad-Logo-scaled.jpg\",\"contentUrl\":\"https:\\\/\\\/kommt-zeit-kommt-rad.ch\\\/wp-content\\\/uploads\\\/2020\\\/05\\\/Kommt-Zeit-kommt-Rad-Logo-scaled.jpg\",\"width\":2560,\"height\":1654,\"caption\":\"Kommt Zeit kommt Rad\"},\"image\":{\"@id\":\"https:\\\/\\\/kommt-zeit-kommt-rad.ch\\\/en\\\/#\\\/schema\\\/logo\\\/image\\\/\"}}]}<\/script>\n<!-- \/ Yoast SEO plugin. -->","yoast_head_json":{"title":"Test report - Tent Nordisk Oppland 3 LW - Kommt Zeit Kommt Rad","robots":{"index":"index","follow":"follow","max-snippet":"max-snippet:-1","max-image-preview":"max-image-preview:large","max-video-preview":"max-video-preview:-1"},"canonical":"https:\/\/kommt-zeit-kommt-rad.ch\/en\/equipment\/test-report-tent-nordisk-oppland-3-lw\/","og_locale":"en_US","og_type":"article","og_title":"Test report - Tent Nordisk Oppland 3 LW - Kommt Zeit Kommt Rad","og_description":"Summary Our conclusion after 7 months of intensive use of our Nordisk Oppland 3 LW tent:We would not give it away again! From us it [&hellip;]","og_url":"https:\/\/kommt-zeit-kommt-rad.ch\/en\/equipment\/test-report-tent-nordisk-oppland-3-lw\/","og_site_name":"Kommt Zeit Kommt Rad","article_modified_time":"2022-01-02T12:39:18+00:00","og_image":[{"url":"https:\/\/kommt-zeit-kommt-rad.ch\/wp-content\/uploads\/2022\/01\/oppland-3-lw-floorplan-nordisk-1400x1275.jpg","type":"","width":"","height":""}],"twitter_card":"summary_large_image","twitter_misc":{"Est. reading time":"3 minutes"},"schema":{"@context":"https:\/\/schema.org","@graph":[{"@type":"WebPage","@id":"https:\/\/kommt-zeit-kommt-rad.ch\/en\/equipment\/test-report-tent-nordisk-oppland-3-lw\/","url":"https:\/\/kommt-zeit-kommt-rad.ch\/en\/equipment\/test-report-tent-nordisk-oppland-3-lw\/","name":"Test report - Tent Nordisk Oppland 3 LW - Kommt Zeit Kommt Rad","isPartOf":{"@id":"https:\/\/kommt-zeit-kommt-rad.ch\/en\/#website"},"primaryImageOfPage":{"@id":"https:\/\/kommt-zeit-kommt-rad.ch\/en\/equipment\/test-report-tent-nordisk-oppland-3-lw\/#primaryimage"},"image":{"@id":"https:\/\/kommt-zeit-kommt-rad.ch\/en\/equipment\/test-report-tent-nordisk-oppland-3-lw\/#primaryimage"},"thumbnailUrl":"https:\/\/kommt-zeit-kommt-rad.ch\/wp-content\/uploads\/2022\/01\/oppland-3-lw-floorplan-nordisk-1400x1275.jpg","datePublished":"2020-08-30T12:22:09+00:00","dateModified":"2022-01-02T12:39:18+00:00","breadcrumb":{"@id":"https:\/\/kommt-zeit-kommt-rad.ch\/en\/equipment\/test-report-tent-nordisk-oppland-3-lw\/#breadcrumb"},"inLanguage":"en-US","potentialAction":[{"@type":"ReadAction","target":["https:\/\/kommt-zeit-kommt-rad.ch\/en\/equipment\/test-report-tent-nordisk-oppland-3-lw\/"]}]},{"@type":"ImageObject","inLanguage":"en-US","@id":"https:\/\/kommt-zeit-kommt-rad.ch\/en\/equipment\/test-report-tent-nordisk-oppland-3-lw\/#primaryimage","url":"https:\/\/kommt-zeit-kommt-rad.ch\/wp-content\/uploads\/2022\/01\/oppland-3-lw-floorplan-nordisk-1400x1275.jpg","contentUrl":"https:\/\/kommt-zeit-kommt-rad.ch\/wp-content\/uploads\/2022\/01\/oppland-3-lw-floorplan-nordisk-1400x1275.jpg"},{"@type":"BreadcrumbList","@id":"https:\/\/kommt-zeit-kommt-rad.ch\/en\/equipment\/test-report-tent-nordisk-oppland-3-lw\/#breadcrumb","itemListElement":[{"@type":"ListItem","position":1,"name":"Home","item":"https:\/\/kommt-zeit-kommt-rad.ch\/en\/"},{"@type":"ListItem","position":2,"name":"Equipment &#8211; From Switzerland to Australia Part 1 + 2","item":"https:\/\/kommt-zeit-kommt-rad.ch\/en\/equipment\/"},{"@type":"ListItem","position":3,"name":"Test report &#8211; Tent Nordisk Oppland 3 LW"}]},{"@type":"WebSite","@id":"https:\/\/kommt-zeit-kommt-rad.ch\/en\/#website","url":"https:\/\/kommt-zeit-kommt-rad.ch\/en\/","name":"Kommt Zeit Kommt Rad","description":"","publisher":{"@id":"https:\/\/kommt-zeit-kommt-rad.ch\/en\/#organization"},"potentialAction":[{"@type":"SearchAction","target":{"@type":"EntryPoint","urlTemplate":"https:\/\/kommt-zeit-kommt-rad.ch\/en\/?s={search_term_string}"},"query-input":{"@type":"PropertyValueSpecification","valueRequired":true,"valueName":"search_term_string"}}],"inLanguage":"en-US"},{"@type":"Organization","@id":"https:\/\/kommt-zeit-kommt-rad.ch\/en\/#organization","name":"Kommt Zeit kommt Rad","url":"https:\/\/kommt-zeit-kommt-rad.ch\/en\/","logo":{"@type":"ImageObject","inLanguage":"en-US","@id":"https:\/\/kommt-zeit-kommt-rad.ch\/en\/#\/schema\/logo\/image\/","url":"https:\/\/kommt-zeit-kommt-rad.ch\/wp-content\/uploads\/2020\/05\/Kommt-Zeit-kommt-Rad-Logo-scaled.jpg","contentUrl":"https:\/\/kommt-zeit-kommt-rad.ch\/wp-content\/uploads\/2020\/05\/Kommt-Zeit-kommt-Rad-Logo-scaled.jpg","width":2560,"height":1654,"caption":"Kommt Zeit kommt Rad"},"image":{"@id":"https:\/\/kommt-zeit-kommt-rad.ch\/en\/#\/schema\/logo\/image\/"}}]}},"_links":{"self":[{"href":"https:\/\/kommt-zeit-kommt-rad.ch\/en\/wp-json\/wp\/v2\/pages\/3808","targetHints":{"allow":["GET"]}}],"collection":[{"href":"https:\/\/kommt-zeit-kommt-rad.ch\/en\/wp-json\/wp\/v2\/pages"}],"about":[{"href":"https:\/\/kommt-zeit-kommt-rad.ch\/en\/wp-json\/wp\/v2\/types\/page"}],"author":[{"embeddable":true,"href":"https:\/\/kommt-zeit-kommt-rad.ch\/en\/wp-json\/wp\/v2\/users\/1"}],"replies":[{"embeddable":true,"href":"https:\/\/kommt-zeit-kommt-rad.ch\/en\/wp-json\/wp\/v2\/comments?post=3808"}],"version-history":[{"count":2,"href":"https:\/\/kommt-zeit-kommt-rad.ch\/en\/wp-json\/wp\/v2\/pages\/3808\/revisions"}],"predecessor-version":[{"id":3810,"href":"https:\/\/kommt-zeit-kommt-rad.ch\/en\/wp-json\/wp\/v2\/pages\/3808\/revisions\/3810"}],"up":[{"embeddable":true,"href":"https:\/\/kommt-zeit-kommt-rad.ch\/en\/wp-json\/wp\/v2\/pages\/615"}],"wp:attachment":[{"href":"https:\/\/kommt-zeit-kommt-rad.ch\/en\/wp-json\/wp\/v2\/media?parent=3808"}],"curies":[{"name":"wp","href":"https:\/\/api.w.org\/{rel}","templated":true}]}}